{"id":2223,"date":"2023-06-29T14:10:54","date_gmt":"2023-06-29T13:10:54","guid":{"rendered":"https:\/\/www.vrecari-viljevo.hr\/?page_id=2223"},"modified":"2023-08-16T12:55:06","modified_gmt":"2023-08-16T11:55:06","slug":"humanitarni-rad","status":"publish","type":"page","link":"https:\/\/www.vrecari-viljevo.hr\/index.php\/humanitarni-rad\/","title":{"rendered":"Humanitarni rad"},"content":{"rendered":"\t\t<div data-elementor-type=\"wp-post\" data-elementor-id=\"2223\" class=\"elementor elementor-2223\" data-elementor-post-type=\"page\">\n\t\t\t\t\t\t\t<div class=\"elementor-element elementor-element-540f2c5 e-flex e-con-boxed e-con\" data-id=\"540f2c5\" data-element_type=\"container\" data-settings=\"{&quot;background_background&quot;:&quot;classic&quot;,&quot;shape_divider_bottom&quot;:&quot;mountains&quot;,&quot;content_width&quot;:&quot;boxed&quot;}\" data-e-bg-lazyload=\"\">\n\t\t\t\t\t<div class=\"e-con-inner\">\n\t\t\t\t<div class=\"elementor-shape elementor-shape-bottom\" data-negative=\"false\">\n\t\t\t<svg xmlns=\"http:\/\/www.w3.org\/2000\/svg\" viewBox=\"0 0 1000 100\" preserveAspectRatio=\"none\">\n\t<path class=\"elementor-shape-fill\" opacity=\"0.33\" d=\"M473,67.3c-203.9,88.3-263.1-34-320.3,0C66,119.1,0,59.7,0,59.7V0h1000v59.7 c0,0-62.1,26.1-94.9,29.3c-32.8,3.3-62.8-12.3-75.8-22.1C806,49.6,745.3,8.7,694.9,4.7S492.4,59,473,67.3z\"\/>\n\t<path class=\"elementor-shape-fill\" opacity=\"0.66\" d=\"M734,67.3c-45.5,0-77.2-23.2-129.1-39.1c-28.6-8.7-150.3-10.1-254,39.1 s-91.7-34.4-149.2,0C115.7,118.3,0,39.8,0,39.8V0h1000v36.5c0,0-28.2-18.5-92.1-18.5C810.2,18.1,775.7,67.3,734,67.3z\"\/>\n\t<path class=\"elementor-shape-fill\" d=\"M766.1,28.9c-200-57.5-266,65.5-395.1,19.5C242,1.8,242,5.4,184.8,20.6C128,35.8,132.3,44.9,89.9,52.5C28.6,63.7,0,0,0,0 h1000c0,0-9.9,40.9-83.6,48.1S829.6,47,766.1,28.9z\"\/>\n<\/svg>\t\t<\/div>\n\t\t\t\t<div class=\"elementor-element elementor-element-81ea703 elementor-widget elementor-widget-heading\" data-id=\"81ea703\" data-element_type=\"widget\" data-widget_type=\"heading.default\">\n\t\t\t\t<div class=\"elementor-widget-container\">\n\t\t\t<style>\/*! elementor - v3.15.0 - 09-08-2023 *\/\n.elementor-heading-title{padding:0;margin:0;line-height:1}.elementor-widget-heading .elementor-heading-title[class*=elementor-size-]>a{color:inherit;font-size:inherit;line-height:inherit}.elementor-widget-heading .elementor-heading-title.elementor-size-small{font-size:15px}.elementor-widget-heading .elementor-heading-title.elementor-size-medium{font-size:19px}.elementor-widget-heading .elementor-heading-title.elementor-size-large{font-size:29px}.elementor-widget-heading .elementor-heading-title.elementor-size-xl{font-size:39px}.elementor-widget-heading .elementor-heading-title.elementor-size-xxl{font-size:59px}<\/style><h2 class=\"elementor-heading-title elementor-size-default\">Humanitarni rad\n<\/h2>\t\t<\/div>\n\t\t\t\t<\/div>\n\t\t\t\t\t<\/div>\n\t\t\t\t<\/div>\n\t\t<div class=\"elementor-element elementor-element-ee34caf e-flex e-con-boxed e-con\" data-id=\"ee34caf\" data-element_type=\"container\" data-settings=\"{&quot;content_width&quot;:&quot;boxed&quot;}\">\n\t\t\t\t\t<div class=\"e-con-inner\">\n\t\t\t\t<div class=\"elementor-element elementor-element-218a646 elementor-widget elementor-widget-text-editor\" data-id=\"218a646\" data-element_type=\"widget\" data-widget_type=\"text-editor.default\">\n\t\t\t\t<div class=\"elementor-widget-container\">\n\t\t\t<style>\/*! elementor - v3.15.0 - 09-08-2023 *\/\n.elementor-widget-text-editor.elementor-drop-cap-view-stacked .elementor-drop-cap{background-color:#69727d;color:#fff}.elementor-widget-text-editor.elementor-drop-cap-view-framed .elementor-drop-cap{color:#69727d;border:3px solid;background-color:transparent}.elementor-widget-text-editor:not(.elementor-drop-cap-view-default) .elementor-drop-cap{margin-top:8px}.elementor-widget-text-editor:not(.elementor-drop-cap-view-default) .elementor-drop-cap-letter{width:1em;height:1em}.elementor-widget-text-editor .elementor-drop-cap{float:left;text-align:center;line-height:1;font-size:50px}.elementor-widget-text-editor .elementor-drop-cap-letter{display:inline-block}<\/style>\t\t\t\t<p>O samog osnutka Udruge, humanitarni rad je bio jedna od planiranih aktivnosti. <br \/>Dolaskom krize uzrokovane covidom, \u010dlanovi su se intenzivnije okrenuli humanitarnim aktivnostima, poma\u017eu\u0107i starijim osobama slabijeg imovinskog stanja. <br \/>Tako je 2020. godine organizirano prvo humanitarno kolinje. Obra\u0111eno meso, raspore\u0111eno u pakete, donirano je stanovnicima u potrebi na podru\u010dju Op\u0107ine Viljevo. Spomenuti paketi dodatno su uklju\u010divali i druge namirnice koje su darovali i osigurali brojni pokrovitelji.<br \/>Tijekom 2021. i 2022. uz pomo\u0107 sponzora, Udruga je donirala u robi i novcu oko 20.000 kn.<\/p>\t\t\t\t\t\t<\/div>\n\t\t\t\t<\/div>\n\t\t\t\t\t<\/div>\n\t\t\t\t<\/div>\n\t\t<div class=\"elementor-element elementor-element-7ee445f e-flex e-con-boxed e-con\" data-id=\"7ee445f\" data-element_type=\"container\" data-settings=\"{&quot;content_width&quot;:&quot;boxed&quot;}\">\n\t\t\t\t\t<div class=\"e-con-inner\">\n\t\t\t\t<div class=\"elementor-element elementor-element-b131e89 elementor-hidden-mobile meta-visibility-show title_position_default title_hover_border_default title-default img_hover_animation_default meta_position_default tpg-category-position-default readmore-btn-default-style grid-hover-overlay-type-always tpg-el-box-border-enable tpg-border-bottom-disable elementor-widget elementor-widget-tpg-list-layout\" data-id=\"b131e89\" data-element_type=\"widget\" data-widget_type=\"tpg-list-layout.default\">\n\t\t\t\t<div class=\"elementor-widget-container\">\n\t\t\t\r\n        <div class=\"rt-container-fluid rt-tpg-container tpg-el-main-wrapper list-layout1-main \"\r\n             data-sc-id=\"elementor\"\r\n             id=\"rt-tpg-container-82615774\"\r\n             data-layout=\"list-layout1\"\r\n             data-grid-style=\"tpg-even\"\r\n             data-el-settings=''\r\n             data-el-query=''\r\n             data-el-path=''\r\n        >\r\n\t\t\t<div class='tpg-header-wrapper '><\/div>\r\n            <div data-title=\"Loading ...\" class=\"rt-row rt-content-loader list-layout1 tpg-even list-behaviour list-layout-wrapper\">\r\n\t\t\t\t\r\n<div class=\"rt-col-md-12 rt-col-sm-12 rt-col-xs-12 default rt-list-item rt-grid-item\" data-id=\"4330\">\r\n\t<div class=\"rt-holder tpg-post-holder\">\r\n\t\t<div class=\"rt-detail rt-el-content-wrapper\">\r\n\t\t\t\t\t\t\t<div class=\"rt-img-holder tpg-el-image-wrap has-thumbnail\">\r\n\t\t\t\t\t<a data-id=\"4330\" href=\"https:\/\/www.vrecari-viljevo.hr\/index.php\/2025\/04\/13\/kolinje-2025\/\" class=\"tpg-post-link\" target=\"_self\">                        <img loading=\"lazy\" decoding=\"async\" src=\"https:\/\/www.vrecari-viljevo.hr\/wp-content\/uploads\/2025\/04\/IMG_6581-1000-768x511.jpg\"\r\n                             class=\"rt-img-responsive\"\r\n                             width=\"768\"\r\n                             height=\"511\"\r\n                             alt=\"Kolinje 2025.\">\r\n\t\t\t\t\t\t\r\n\t\t\t\t\t\t\t\r\n\t\t<\/a>\r\n\t\t        <div class=\"overlay grid-hover-content\"><\/div>\r\n\t\t\t\t\t\t<\/div>\r\n\t\t\t\r\n\t\t\t<div class=\"post-right-content\">\r\n\t\t\t\t<div class=\"entry-title-wrapper\"><h3 class=\"entry-title\"><a data-id=\"4330\" href=\"https:\/\/www.vrecari-viljevo.hr\/index.php\/2025\/04\/13\/kolinje-2025\/\" class=\"tpg-post-link\" target=\"_self\">Kolinje 2025.<\/a><\/h3><\/div>\r\n\t\t\t\t\t\t\t\t\t<div class=\"post-meta-tags rt-el-post-meta\">\r\n\t\t\t\t\t\t            <span class='date'>\r\n\r\n\t\t\t\t<i class='flaticon-tpg-calendar '><\/i>\t\t\t\t<a href=\"https:\/\/www.vrecari-viljevo.hr\/index.php\/2025\/04\/13\/\">\r\n\t\t\t\t\t13 travnja, 2025\t\t\t\t<\/a>\r\n\t\t\t<\/span>\r\n\t\t\t            <span class='categories-links'>\r\n\t\t\t\t<i class='flaticon-tpg-folder '><\/i><a class=\"humanitarni-rad\" href=\"https:\/\/www.vrecari-viljevo.hr\/index.php\/category\/humanitarni-rad\/\">Humanitarni rad<\/a>\r\n\t\t\t<\/span>\r\n\t\t\t\t\t\t\t\t<\/div>\r\n\t\t\t\t\r\n\t\t\t\t\t\t\t\t\t<div class=\"tpg-excerpt tpg-el-excerpt\">\r\n\t\t\t\t\t\t\t\t\t\t\t\t\t<div class=\"tpg-excerpt-inner\">\r\n\t\t\t\t\t\t\t\tU novu kuharsku sezonu u\u0161li smo tradicionalnim slavonskim kolinjem. Ponosni smo \u0161to i ove godine nastavljamo s humanitarnim djelovanjem te smo u nedjelju 13. travnja 2025. godine peto kolinje.Pripremili smo 25 paketa mesa i mesnih proizvoda za pomo\u0107 bolesnima i socijalno ugro\u017eenim obiteljima s...\t\t\t\t\t\t\t<\/div>\r\n\t\t\t\t\t\t\t\t\t\t\t\t\t\t\t\t\t<\/div>\r\n\t\t\t\t\r\n\t\t\t\t        <div class=\"post-footer\">\r\n            <div class=\"post-footer\">\r\n                <div class=\"read-more\">\r\n\t\t\t\t\t<a data-id=\"4330\" href=\"https:\/\/www.vrecari-viljevo.hr\/index.php\/2025\/04\/13\/kolinje-2025\/\" class=\"tpg-post-link\" target=\"_self\">Op\u0161irnije<\/a>                <\/div>\r\n            <\/div>\r\n        <\/div>\r\n\t\t\t\t\t<\/div>\r\n\t\t<\/div>\r\n\t<\/div>\r\n<\/div>\r\n\r\n<div class=\"rt-col-md-12 rt-col-sm-12 rt-col-xs-12 default rt-list-item rt-grid-item\" data-id=\"4017\">\r\n\t<div class=\"rt-holder tpg-post-holder\">\r\n\t\t<div class=\"rt-detail rt-el-content-wrapper\">\r\n\t\t\t\t\t\t\t<div class=\"rt-img-holder tpg-el-image-wrap has-thumbnail\">\r\n\t\t\t\t\t<a data-id=\"4017\" href=\"https:\/\/www.vrecari-viljevo.hr\/index.php\/2024\/03\/13\/kolinje-2024\/\" class=\"tpg-post-link\" target=\"_self\">                        <img loading=\"lazy\" decoding=\"async\" src=\"https:\/\/www.vrecari-viljevo.hr\/wp-content\/uploads\/2024\/03\/IMG_5333-1000-768x511.jpg\"\r\n                             class=\"rt-img-responsive\"\r\n                             width=\"768\"\r\n                             height=\"511\"\r\n                             alt=\"Kolinje 2024.\">\r\n\t\t\t\t\t\t\r\n\t\t\t\t\t\t\t\r\n\t\t<\/a>\r\n\t\t        <div class=\"overlay grid-hover-content\"><\/div>\r\n\t\t\t\t\t\t<\/div>\r\n\t\t\t\r\n\t\t\t<div class=\"post-right-content\">\r\n\t\t\t\t<div class=\"entry-title-wrapper\"><h3 class=\"entry-title\"><a data-id=\"4017\" href=\"https:\/\/www.vrecari-viljevo.hr\/index.php\/2024\/03\/13\/kolinje-2024\/\" class=\"tpg-post-link\" target=\"_self\">Kolinje 2024.<\/a><\/h3><\/div>\r\n\t\t\t\t\t\t\t\t\t<div class=\"post-meta-tags rt-el-post-meta\">\r\n\t\t\t\t\t\t            <span class='date'>\r\n\r\n\t\t\t\t<i class='flaticon-tpg-calendar '><\/i>\t\t\t\t<a href=\"https:\/\/www.vrecari-viljevo.hr\/index.php\/2024\/03\/13\/\">\r\n\t\t\t\t\t13 o\u017eujka, 2024\t\t\t\t<\/a>\r\n\t\t\t<\/span>\r\n\t\t\t            <span class='categories-links'>\r\n\t\t\t\t<i class='flaticon-tpg-folder '><\/i><a class=\"humanitarni-rad\" href=\"https:\/\/www.vrecari-viljevo.hr\/index.php\/category\/humanitarni-rad\/\">Humanitarni rad<\/a>\r\n\t\t\t<\/span>\r\n\t\t\t\t\t\t\t\t<\/div>\r\n\t\t\t\t\r\n\t\t\t\t\t\t\t\t\t<div class=\"tpg-excerpt tpg-el-excerpt\">\r\n\t\t\t\t\t\t\t\t\t\t\t\t\t<div class=\"tpg-excerpt-inner\">\r\n\t\t\t\t\t\t\t\tNastavljamo s humanitarnim djelovanjem te smo u utorak, 12. o\u017eujka 2024.\u00a0 organizirali \u010detvrto tradicionalno slavonsko kolinje. Pripremili smo 20 paketa mesa i mesnih proizvoda za pomo\u0107 bolesnima i socijalno ugro\u017eenim obiteljima s podru\u010dja Op\u0107ine Viljevo...\t\t\t\t\t\t\t<\/div>\r\n\t\t\t\t\t\t\t\t\t\t\t\t\t\t\t\t\t<\/div>\r\n\t\t\t\t\r\n\t\t\t\t        <div class=\"post-footer\">\r\n            <div class=\"post-footer\">\r\n                <div class=\"read-more\">\r\n\t\t\t\t\t<a data-id=\"4017\" href=\"https:\/\/www.vrecari-viljevo.hr\/index.php\/2024\/03\/13\/kolinje-2024\/\" class=\"tpg-post-link\" target=\"_self\">Op\u0161irnije<\/a>                <\/div>\r\n            <\/div>\r\n        <\/div>\r\n\t\t\t\t\t<\/div>\r\n\t\t<\/div>\r\n\t<\/div>\r\n<\/div>\r\n\r\n<div class=\"rt-col-md-12 rt-col-sm-12 rt-col-xs-12 default rt-list-item rt-grid-item\" data-id=\"3900\">\r\n\t<div class=\"rt-holder tpg-post-holder\">\r\n\t\t<div class=\"rt-detail rt-el-content-wrapper\">\r\n\t\t\t\t\t\t\t<div class=\"rt-img-holder tpg-el-image-wrap has-thumbnail\">\r\n\t\t\t\t\t<a data-id=\"3900\" href=\"https:\/\/www.vrecari-viljevo.hr\/index.php\/2023\/12\/23\/4-nedjelja-adventa-u-viljevu-2\/\" class=\"tpg-post-link\" target=\"_self\">                        <img loading=\"lazy\" decoding=\"async\" src=\"https:\/\/www.vrecari-viljevo.hr\/wp-content\/uploads\/2024\/01\/IMG_4932-1000-768x511.jpg\"\r\n                             class=\"rt-img-responsive\"\r\n                             width=\"768\"\r\n                             height=\"511\"\r\n                             alt=\"4. nedjelja adventa u Viljevu\">\r\n\t\t\t\t\t\t\r\n\t\t\t\t\t\t\t\r\n\t\t<\/a>\r\n\t\t        <div class=\"overlay grid-hover-content\"><\/div>\r\n\t\t\t\t\t\t<\/div>\r\n\t\t\t\r\n\t\t\t<div class=\"post-right-content\">\r\n\t\t\t\t<div class=\"entry-title-wrapper\"><h3 class=\"entry-title\"><a data-id=\"3900\" href=\"https:\/\/www.vrecari-viljevo.hr\/index.php\/2023\/12\/23\/4-nedjelja-adventa-u-viljevu-2\/\" class=\"tpg-post-link\" target=\"_self\">4. nedjelja adventa u Viljevu<\/a><\/h3><\/div>\r\n\t\t\t\t\t\t\t\t\t<div class=\"post-meta-tags rt-el-post-meta\">\r\n\t\t\t\t\t\t            <span class='date'>\r\n\r\n\t\t\t\t<i class='flaticon-tpg-calendar '><\/i>\t\t\t\t<a href=\"https:\/\/www.vrecari-viljevo.hr\/index.php\/2023\/12\/23\/\">\r\n\t\t\t\t\t23 prosinca, 2023\t\t\t\t<\/a>\r\n\t\t\t<\/span>\r\n\t\t\t            <span class='categories-links'>\r\n\t\t\t\t<i class='flaticon-tpg-folder '><\/i><a class=\"humanitarni-rad\" href=\"https:\/\/www.vrecari-viljevo.hr\/index.php\/category\/humanitarni-rad\/\">Humanitarni rad<\/a>\r\n\t\t\t<\/span>\r\n\t\t\t\t\t\t\t\t<\/div>\r\n\t\t\t\t\r\n\t\t\t\t\t\t\t\t\t<div class=\"tpg-excerpt tpg-el-excerpt\">\r\n\t\t\t\t\t\t\t\t\t\t\t\t\t<div class=\"tpg-excerpt-inner\">\r\n\t\t\t\t\t\t\t\tU subotu, 23. prosinca 2023.\u00a0 sudjelovali smo na 4. nedjelji adventa u Viljevu.\u00a0 Za mje\u0161tane i posjetitelje pripremili smo hot dog i kuhano vino, \u010dijom prodajom smo prikupljali nov\u010dana sredstva za pomo\u0107 u lije\u010denju Krune Skoki\u0107a iz Rakitovice.\u00a0...\t\t\t\t\t\t\t<\/div>\r\n\t\t\t\t\t\t\t\t\t\t\t\t\t\t\t\t\t<\/div>\r\n\t\t\t\t\r\n\t\t\t\t        <div class=\"post-footer\">\r\n            <div class=\"post-footer\">\r\n                <div class=\"read-more\">\r\n\t\t\t\t\t<a data-id=\"3900\" href=\"https:\/\/www.vrecari-viljevo.hr\/index.php\/2023\/12\/23\/4-nedjelja-adventa-u-viljevu-2\/\" class=\"tpg-post-link\" target=\"_self\">Op\u0161irnije<\/a>                <\/div>\r\n            <\/div>\r\n        <\/div>\r\n\t\t\t\t\t<\/div>\r\n\t\t<\/div>\r\n\t<\/div>\r\n<\/div>\r\n\r\n<div class=\"rt-col-md-12 rt-col-sm-12 rt-col-xs-12 default rt-list-item rt-grid-item\" data-id=\"2298\">\r\n\t<div class=\"rt-holder tpg-post-holder\">\r\n\t\t<div class=\"rt-detail rt-el-content-wrapper\">\r\n\t\t\t\t\t\t\t<div class=\"rt-img-holder tpg-el-image-wrap has-thumbnail\">\r\n\t\t\t\t\t<a data-id=\"2298\" href=\"https:\/\/www.vrecari-viljevo.hr\/index.php\/2023\/01\/29\/kolinje-2022\/\" class=\"tpg-post-link\" target=\"_self\">                        <img loading=\"lazy\" decoding=\"async\" src=\"https:\/\/www.vrecari-viljevo.hr\/wp-content\/uploads\/2023\/06\/kolinjre_2021-768x402.jpg\"\r\n                             class=\"rt-img-responsive\"\r\n                             width=\"768\"\r\n                             height=\"402\"\r\n                             alt=\"Kolinje 2022.\">\r\n\t\t\t\t\t\t\r\n\t\t\t\t\t\t\t\r\n\t\t<\/a>\r\n\t\t        <div class=\"overlay grid-hover-content\"><\/div>\r\n\t\t\t\t\t\t<\/div>\r\n\t\t\t\r\n\t\t\t<div class=\"post-right-content\">\r\n\t\t\t\t<div class=\"entry-title-wrapper\"><h3 class=\"entry-title\"><a data-id=\"2298\" href=\"https:\/\/www.vrecari-viljevo.hr\/index.php\/2023\/01\/29\/kolinje-2022\/\" class=\"tpg-post-link\" target=\"_self\">Kolinje 2022.<\/a><\/h3><\/div>\r\n\t\t\t\t\t\t\t\t\t<div class=\"post-meta-tags rt-el-post-meta\">\r\n\t\t\t\t\t\t            <span class='date'>\r\n\r\n\t\t\t\t<i class='flaticon-tpg-calendar '><\/i>\t\t\t\t<a href=\"https:\/\/www.vrecari-viljevo.hr\/index.php\/2023\/01\/29\/\">\r\n\t\t\t\t\t29 sije\u010dnja, 2023\t\t\t\t<\/a>\r\n\t\t\t<\/span>\r\n\t\t\t            <span class='categories-links'>\r\n\t\t\t\t<i class='flaticon-tpg-folder '><\/i><a class=\"humanitarni-rad\" href=\"https:\/\/www.vrecari-viljevo.hr\/index.php\/category\/humanitarni-rad\/\">Humanitarni rad<\/a>\r\n\t\t\t<\/span>\r\n\t\t\t\t\t\t\t\t<\/div>\r\n\t\t\t\t\r\n\t\t\t\t\t\t\t\t\t<div class=\"tpg-excerpt tpg-el-excerpt\">\r\n\t\t\t\t\t\t\t\t\t\t\t\t\t<div class=\"tpg-excerpt-inner\">\r\n\t\t\t\t\t\t\t\t...\t\t\t\t\t\t\t<\/div>\r\n\t\t\t\t\t\t\t\t\t\t\t\t\t\t\t\t\t<\/div>\r\n\t\t\t\t\r\n\t\t\t\t        <div class=\"post-footer\">\r\n            <div class=\"post-footer\">\r\n                <div class=\"read-more\">\r\n\t\t\t\t\t<a data-id=\"2298\" href=\"https:\/\/www.vrecari-viljevo.hr\/index.php\/2023\/01\/29\/kolinje-2022\/\" class=\"tpg-post-link\" target=\"_self\">Op\u0161irnije<\/a>                <\/div>\r\n            <\/div>\r\n        <\/div>\r\n\t\t\t\t\t<\/div>\r\n\t\t<\/div>\r\n\t<\/div>\r\n<\/div>\r\n\r\n<div class=\"rt-col-md-12 rt-col-sm-12 rt-col-xs-12 default rt-list-item rt-grid-item\" data-id=\"2326\">\r\n\t<div class=\"rt-holder tpg-post-holder\">\r\n\t\t<div class=\"rt-detail rt-el-content-wrapper\">\r\n\t\t\t\t\t\t\t<div class=\"rt-img-holder tpg-el-image-wrap has-thumbnail\">\r\n\t\t\t\t\t<a data-id=\"2326\" href=\"https:\/\/www.vrecari-viljevo.hr\/index.php\/2022\/12\/29\/4-nedjelja-adventa-u-viljevu\/\" class=\"tpg-post-link\" target=\"_self\">                        <img loading=\"lazy\" decoding=\"async\" src=\"https:\/\/www.vrecari-viljevo.hr\/wp-content\/uploads\/2023\/06\/4.-nedjelja-adventa-u-Viljevu-768x402.jpg\"\r\n                             class=\"rt-img-responsive\"\r\n                             width=\"768\"\r\n                             height=\"402\"\r\n                             alt=\"4. nedjelja adventa u Viljevu\">\r\n\t\t\t\t\t\t\r\n\t\t\t\t\t\t\t\r\n\t\t<\/a>\r\n\t\t        <div class=\"overlay grid-hover-content\"><\/div>\r\n\t\t\t\t\t\t<\/div>\r\n\t\t\t\r\n\t\t\t<div class=\"post-right-content\">\r\n\t\t\t\t<div class=\"entry-title-wrapper\"><h3 class=\"entry-title\"><a data-id=\"2326\" href=\"https:\/\/www.vrecari-viljevo.hr\/index.php\/2022\/12\/29\/4-nedjelja-adventa-u-viljevu\/\" class=\"tpg-post-link\" target=\"_self\">4. nedjelja adventa u Viljevu<\/a><\/h3><\/div>\r\n\t\t\t\t\t\t\t\t\t<div class=\"post-meta-tags rt-el-post-meta\">\r\n\t\t\t\t\t\t            <span class='date'>\r\n\r\n\t\t\t\t<i class='flaticon-tpg-calendar '><\/i>\t\t\t\t<a href=\"https:\/\/www.vrecari-viljevo.hr\/index.php\/2022\/12\/29\/\">\r\n\t\t\t\t\t29 prosinca, 2022\t\t\t\t<\/a>\r\n\t\t\t<\/span>\r\n\t\t\t            <span class='categories-links'>\r\n\t\t\t\t<i class='flaticon-tpg-folder '><\/i><a class=\"humanitarni-rad\" href=\"https:\/\/www.vrecari-viljevo.hr\/index.php\/category\/humanitarni-rad\/\">Humanitarni rad<\/a>\r\n\t\t\t<\/span>\r\n\t\t\t\t\t\t\t\t<\/div>\r\n\t\t\t\t\r\n\t\t\t\t\t\t\t\t\t<div class=\"tpg-excerpt tpg-el-excerpt\">\r\n\t\t\t\t\t\t\t\t\t\t\t\t\t<div class=\"tpg-excerpt-inner\">\r\n\t\t\t\t\t\t\t\tUdruga Vre\u0107ari sudjelovala je na 4. nedjelji adventa humanitarno.\u00a0 \u010clanovi su mje\u0161tane i posjetitelje darivali gu\u017evarom i kuhanim vinom.\u00a0...\t\t\t\t\t\t\t<\/div>\r\n\t\t\t\t\t\t\t\t\t\t\t\t\t\t\t\t\t<\/div>\r\n\t\t\t\t\r\n\t\t\t\t        <div class=\"post-footer\">\r\n            <div class=\"post-footer\">\r\n                <div class=\"read-more\">\r\n\t\t\t\t\t<a data-id=\"2326\" href=\"https:\/\/www.vrecari-viljevo.hr\/index.php\/2022\/12\/29\/4-nedjelja-adventa-u-viljevu\/\" class=\"tpg-post-link\" target=\"_self\">Op\u0161irnije<\/a>                <\/div>\r\n            <\/div>\r\n        <\/div>\r\n\t\t\t\t\t<\/div>\r\n\t\t<\/div>\r\n\t<\/div>\r\n<\/div>\r\n\r\n<div class=\"rt-col-md-12 rt-col-sm-12 rt-col-xs-12 default rt-list-item rt-grid-item\" data-id=\"2681\">\r\n\t<div class=\"rt-holder tpg-post-holder\">\r\n\t\t<div class=\"rt-detail rt-el-content-wrapper\">\r\n\t\t\t\t\t\t\t<div class=\"rt-img-holder tpg-el-image-wrap has-thumbnail\">\r\n\t\t\t\t\t<a data-id=\"2681\" href=\"https:\/\/www.vrecari-viljevo.hr\/index.php\/2020\/01\/17\/1-kolinje\/\" class=\"tpg-post-link\" target=\"_self\">                        <img loading=\"lazy\" decoding=\"async\" src=\"https:\/\/www.vrecari-viljevo.hr\/wp-content\/uploads\/2023\/08\/naslovna-1000-2-768x249.jpg\"\r\n                             class=\"rt-img-responsive\"\r\n                             width=\"768\"\r\n                             height=\"249\"\r\n                             alt=\"1. kolinje\">\r\n\t\t\t\t\t\t\r\n\t\t\t\t\t\t\t\r\n\t\t<\/a>\r\n\t\t        <div class=\"overlay grid-hover-content\"><\/div>\r\n\t\t\t\t\t\t<\/div>\r\n\t\t\t\r\n\t\t\t<div class=\"post-right-content\">\r\n\t\t\t\t<div class=\"entry-title-wrapper\"><h3 class=\"entry-title\"><a data-id=\"2681\" href=\"https:\/\/www.vrecari-viljevo.hr\/index.php\/2020\/01\/17\/1-kolinje\/\" class=\"tpg-post-link\" target=\"_self\">1. kolinje<\/a><\/h3><\/div>\r\n\t\t\t\t\t\t\t\t\t<div class=\"post-meta-tags rt-el-post-meta\">\r\n\t\t\t\t\t\t            <span class='date'>\r\n\r\n\t\t\t\t<i class='flaticon-tpg-calendar '><\/i>\t\t\t\t<a href=\"https:\/\/www.vrecari-viljevo.hr\/index.php\/2020\/01\/17\/\">\r\n\t\t\t\t\t17 sije\u010dnja, 2020\t\t\t\t<\/a>\r\n\t\t\t<\/span>\r\n\t\t\t            <span class='categories-links'>\r\n\t\t\t\t<i class='flaticon-tpg-folder '><\/i><a class=\"humanitarni-rad\" href=\"https:\/\/www.vrecari-viljevo.hr\/index.php\/category\/humanitarni-rad\/\">Humanitarni rad<\/a>\r\n\t\t\t<\/span>\r\n\t\t\t\t\t\t\t\t<\/div>\r\n\t\t\t\t\r\n\t\t\t\t\t\t\t\t\t<div class=\"tpg-excerpt tpg-el-excerpt\">\r\n\t\t\t\t\t\t\t\t\t\t\t\t\t<div class=\"tpg-excerpt-inner\">\r\n\t\t\t\t\t\t\t\tPo\u010detkom 2020. godine organizirano je prvo humanitarno kolinje. Obra\u0111eno meso, raspore\u0111eno u pakete, donirano je stanovnicima u potrebi na podru\u010dju Op\u0107ine Viljevo. Spomenuti paketi dodatno su uklju\u010divali i druge namirnice koje su darovali i osigurali brojni pokrovitelji...\t\t\t\t\t\t\t<\/div>\r\n\t\t\t\t\t\t\t\t\t\t\t\t\t\t\t\t\t<\/div>\r\n\t\t\t\t\r\n\t\t\t\t        <div class=\"post-footer\">\r\n            <div class=\"post-footer\">\r\n                <div class=\"read-more\">\r\n\t\t\t\t\t<a data-id=\"2681\" href=\"https:\/\/www.vrecari-viljevo.hr\/index.php\/2020\/01\/17\/1-kolinje\/\" class=\"tpg-post-link\" target=\"_self\">Op\u0161irnije<\/a>                <\/div>\r\n            <\/div>\r\n        <\/div>\r\n\t\t\t\t\t<\/div>\r\n\t\t<\/div>\r\n\t<\/div>\r\n<\/div>\r\n            <\/div>\r\n\r\n\t\t\t\r\n        <\/div>\r\n\t\t\t\t<\/div>\n\t\t\t\t<\/div>\n\t\t\t\t\t<\/div>\n\t\t\t\t<\/div>\n\t\t<div class=\"elementor-element elementor-element-7327e57 e-flex e-con-boxed e-con\" data-id=\"7327e57\" data-element_type=\"container\" data-settings=\"{&quot;content_width&quot;:&quot;boxed&quot;}\">\n\t\t\t\t\t<div class=\"e-con-inner\">\n\t\t\t\t<div class=\"elementor-element elementor-element-0765098 tpg-el-box-border-disable elementor-hidden-desktop elementor-hidden-tablet meta-visibility-show title_position_default title_hover_border_default title-default img_hover_animation_default meta_position_default grid-hover-overlay-type-always tpg-border-bottom-disable elementor-widget elementor-widget-tpg-grid-layout\" data-id=\"0765098\" data-element_type=\"widget\" data-widget_type=\"tpg-grid-layout.default\">\n\t\t\t\t<div class=\"elementor-widget-container\">\n\t\t\t        <div class=\"rt-container-fluid rt-tpg-container tpg-el-main-wrapper clearfix grid-layout1-main \"\r\n             id=\"rt-tpg-container-3586422283\"\r\n             data-layout=\"grid-layout1\"\r\n             data-grid-style=\"tpg-full-height\"\r\n             data-sc-id=\"elementor\"\r\n             data-el-settings=''\r\n             data-el-query=''\r\n             data-el-path=''\r\n        >\r\n\r\n\t\t\t<div class='tpg-header-wrapper '><\/div>\r\n            <div data-title=\"Loading ...\" class=\"rt-row rt-content-loader grid-layout1 grid-behaviour tpg-full-height grid_layout_wrapper\">\r\n\t\t\t\t<div class=\"rt-col-md-4 rt-col-sm-6 rt-col-xs-12 default rt-grid-item post-4330 post type-post status-publish format-standard has-post-thumbnail hentry category-humanitarni-rad\"\t\tdata-id=\"4330\">\r\n\t<div class=\"rt-holder tpg-post-holder\">\r\n\t\t<div class=\"rt-detail rt-el-content-wrapper\">\r\n\t\t\t\t\t\t\t<div class=\"rt-img-holder tpg-el-image-wrap has-thumbnail\">\r\n\t\t\t\t\t<a data-id=\"4330\" href=\"https:\/\/www.vrecari-viljevo.hr\/index.php\/2025\/04\/13\/kolinje-2025\/\" class=\"tpg-post-link\" target=\"_self\">                        <img loading=\"lazy\" decoding=\"async\" src=\"https:\/\/www.vrecari-viljevo.hr\/wp-content\/uploads\/2025\/04\/IMG_6581-1000-768x511.jpg\"\r\n                             class=\"rt-img-responsive\"\r\n                             width=\"768\"\r\n                             height=\"511\"\r\n                             alt=\"Kolinje 2025.\">\r\n\t\t\t\t\t\t\r\n\t\t\t\t\t\t\t\r\n\t\t<\/a>\r\n\t\t        <div class=\"overlay grid-hover-content\"><\/div>\r\n\t\t\t\t\t\t<\/div>\r\n\t\t\t\r\n\t\t\t<div class=\"entry-title-wrapper\"><h3 class=\"entry-title\"><a data-id=\"4330\" href=\"https:\/\/www.vrecari-viljevo.hr\/index.php\/2025\/04\/13\/kolinje-2025\/\" class=\"tpg-post-link\" target=\"_self\">Kolinje 2025.<\/a><\/h3><\/div>\r\n\t\t\t\t\t\t\t<div class=\"post-meta-tags rt-el-post-meta\">\r\n\t\t\t\t\t            <span class='date'>\r\n\r\n\t\t\t\t<i class='flaticon-tpg-calendar '><\/i>\t\t\t\t<a href=\"https:\/\/www.vrecari-viljevo.hr\/index.php\/2025\/04\/13\/\">\r\n\t\t\t\t\t13 travnja, 2025\t\t\t\t<\/a>\r\n\t\t\t<\/span>\r\n\t\t\t\t\t\t\t<\/div>\r\n\t\t\t\r\n\r\n\t\t\t\t\t\t\t<div class=\"tpg-excerpt tpg-el-excerpt\">\r\n\t\t\t\t\t\t\t\t\t\t\t<div class=\"tpg-excerpt-inner\">\r\n\t\t\t\t\t\t\tU novu kuharsku sezonu u\u0161li smo tradicionalnim slavonskim kolinjem. Ponosni smo \u0161to i ove godine nastavljamo s humanitarnim djelovanjem te smo u nedjelju 13. travnja 2025. godine peto...\t\t\t\t\t\t<\/div>\r\n\t\t\t\t\t\t\t\t\t\t\t\t\t\t<\/div>\r\n\t\t\t\r\n\t\t\t\t\t<\/div>\r\n\t<\/div>\r\n<\/div>\r\n<div class=\"rt-col-md-4 rt-col-sm-6 rt-col-xs-12 default rt-grid-item post-4017 post type-post status-publish format-standard has-post-thumbnail hentry category-humanitarni-rad\"\t\tdata-id=\"4017\">\r\n\t<div class=\"rt-holder tpg-post-holder\">\r\n\t\t<div class=\"rt-detail rt-el-content-wrapper\">\r\n\t\t\t\t\t\t\t<div class=\"rt-img-holder tpg-el-image-wrap has-thumbnail\">\r\n\t\t\t\t\t<a data-id=\"4017\" href=\"https:\/\/www.vrecari-viljevo.hr\/index.php\/2024\/03\/13\/kolinje-2024\/\" class=\"tpg-post-link\" target=\"_self\">                        <img loading=\"lazy\" decoding=\"async\" src=\"https:\/\/www.vrecari-viljevo.hr\/wp-content\/uploads\/2024\/03\/IMG_5333-1000-768x511.jpg\"\r\n                             class=\"rt-img-responsive\"\r\n                             width=\"768\"\r\n                             height=\"511\"\r\n                             alt=\"Kolinje 2024.\">\r\n\t\t\t\t\t\t\r\n\t\t\t\t\t\t\t\r\n\t\t<\/a>\r\n\t\t        <div class=\"overlay grid-hover-content\"><\/div>\r\n\t\t\t\t\t\t<\/div>\r\n\t\t\t\r\n\t\t\t<div class=\"entry-title-wrapper\"><h3 class=\"entry-title\"><a data-id=\"4017\" href=\"https:\/\/www.vrecari-viljevo.hr\/index.php\/2024\/03\/13\/kolinje-2024\/\" class=\"tpg-post-link\" target=\"_self\">Kolinje 2024.<\/a><\/h3><\/div>\r\n\t\t\t\t\t\t\t<div class=\"post-meta-tags rt-el-post-meta\">\r\n\t\t\t\t\t            <span class='date'>\r\n\r\n\t\t\t\t<i class='flaticon-tpg-calendar '><\/i>\t\t\t\t<a href=\"https:\/\/www.vrecari-viljevo.hr\/index.php\/2024\/03\/13\/\">\r\n\t\t\t\t\t13 o\u017eujka, 2024\t\t\t\t<\/a>\r\n\t\t\t<\/span>\r\n\t\t\t\t\t\t\t<\/div>\r\n\t\t\t\r\n\r\n\t\t\t\t\t\t\t<div class=\"tpg-excerpt tpg-el-excerpt\">\r\n\t\t\t\t\t\t\t\t\t\t\t<div class=\"tpg-excerpt-inner\">\r\n\t\t\t\t\t\t\tNastavljamo s humanitarnim djelovanjem te smo u utorak, 12. o\u017eujka 2024.\u00a0 organizirali \u010detvrto tradicionalno slavonsko kolinje. Pripremili smo 20 paketa mesa i mesnih proizvoda za pomo\u0107 bolesnima i...\t\t\t\t\t\t<\/div>\r\n\t\t\t\t\t\t\t\t\t\t\t\t\t\t<\/div>\r\n\t\t\t\r\n\t\t\t\t\t<\/div>\r\n\t<\/div>\r\n<\/div>\r\n<div class=\"rt-col-md-4 rt-col-sm-6 rt-col-xs-12 default rt-grid-item post-3900 post type-post status-publish format-standard has-post-thumbnail hentry category-humanitarni-rad\"\t\tdata-id=\"3900\">\r\n\t<div class=\"rt-holder tpg-post-holder\">\r\n\t\t<div class=\"rt-detail rt-el-content-wrapper\">\r\n\t\t\t\t\t\t\t<div class=\"rt-img-holder tpg-el-image-wrap has-thumbnail\">\r\n\t\t\t\t\t<a data-id=\"3900\" href=\"https:\/\/www.vrecari-viljevo.hr\/index.php\/2023\/12\/23\/4-nedjelja-adventa-u-viljevu-2\/\" class=\"tpg-post-link\" target=\"_self\">                        <img loading=\"lazy\" decoding=\"async\" src=\"https:\/\/www.vrecari-viljevo.hr\/wp-content\/uploads\/2024\/01\/IMG_4932-1000-768x511.jpg\"\r\n                             class=\"rt-img-responsive\"\r\n                             width=\"768\"\r\n                             height=\"511\"\r\n                             alt=\"4. nedjelja adventa u Viljevu\">\r\n\t\t\t\t\t\t\r\n\t\t\t\t\t\t\t\r\n\t\t<\/a>\r\n\t\t        <div class=\"overlay grid-hover-content\"><\/div>\r\n\t\t\t\t\t\t<\/div>\r\n\t\t\t\r\n\t\t\t<div class=\"entry-title-wrapper\"><h3 class=\"entry-title\"><a data-id=\"3900\" href=\"https:\/\/www.vrecari-viljevo.hr\/index.php\/2023\/12\/23\/4-nedjelja-adventa-u-viljevu-2\/\" class=\"tpg-post-link\" target=\"_self\">4. nedjelja adventa u Viljevu<\/a><\/h3><\/div>\r\n\t\t\t\t\t\t\t<div class=\"post-meta-tags rt-el-post-meta\">\r\n\t\t\t\t\t            <span class='date'>\r\n\r\n\t\t\t\t<i class='flaticon-tpg-calendar '><\/i>\t\t\t\t<a href=\"https:\/\/www.vrecari-viljevo.hr\/index.php\/2023\/12\/23\/\">\r\n\t\t\t\t\t23 prosinca, 2023\t\t\t\t<\/a>\r\n\t\t\t<\/span>\r\n\t\t\t\t\t\t\t<\/div>\r\n\t\t\t\r\n\r\n\t\t\t\t\t\t\t<div class=\"tpg-excerpt tpg-el-excerpt\">\r\n\t\t\t\t\t\t\t\t\t\t\t<div class=\"tpg-excerpt-inner\">\r\n\t\t\t\t\t\t\tU subotu, 23. prosinca 2023.\u00a0 sudjelovali smo na 4. nedjelji adventa u Viljevu.\u00a0 Za mje\u0161tane i posjetitelje pripremili smo hot dog i kuhano vino, \u010dijom prodajom smo prikupljali nov\u010dana sredstva za...\t\t\t\t\t\t<\/div>\r\n\t\t\t\t\t\t\t\t\t\t\t\t\t\t<\/div>\r\n\t\t\t\r\n\t\t\t\t\t<\/div>\r\n\t<\/div>\r\n<\/div>\r\n<div class=\"rt-col-md-4 rt-col-sm-6 rt-col-xs-12 default rt-grid-item post-2298 post type-post status-publish format-standard has-post-thumbnail hentry category-humanitarni-rad\"\t\tdata-id=\"2298\">\r\n\t<div class=\"rt-holder tpg-post-holder\">\r\n\t\t<div class=\"rt-detail rt-el-content-wrapper\">\r\n\t\t\t\t\t\t\t<div class=\"rt-img-holder tpg-el-image-wrap has-thumbnail\">\r\n\t\t\t\t\t<a data-id=\"2298\" href=\"https:\/\/www.vrecari-viljevo.hr\/index.php\/2023\/01\/29\/kolinje-2022\/\" class=\"tpg-post-link\" target=\"_self\">                        <img loading=\"lazy\" decoding=\"async\" src=\"https:\/\/www.vrecari-viljevo.hr\/wp-content\/uploads\/2023\/06\/kolinjre_2021-768x402.jpg\"\r\n                             class=\"rt-img-responsive\"\r\n                             width=\"768\"\r\n                             height=\"402\"\r\n                             alt=\"Kolinje 2022.\">\r\n\t\t\t\t\t\t\r\n\t\t\t\t\t\t\t\r\n\t\t<\/a>\r\n\t\t        <div class=\"overlay grid-hover-content\"><\/div>\r\n\t\t\t\t\t\t<\/div>\r\n\t\t\t\r\n\t\t\t<div class=\"entry-title-wrapper\"><h3 class=\"entry-title\"><a data-id=\"2298\" href=\"https:\/\/www.vrecari-viljevo.hr\/index.php\/2023\/01\/29\/kolinje-2022\/\" class=\"tpg-post-link\" target=\"_self\">Kolinje 2022.<\/a><\/h3><\/div>\r\n\t\t\t\t\t\t\t<div class=\"post-meta-tags rt-el-post-meta\">\r\n\t\t\t\t\t            <span class='date'>\r\n\r\n\t\t\t\t<i class='flaticon-tpg-calendar '><\/i>\t\t\t\t<a href=\"https:\/\/www.vrecari-viljevo.hr\/index.php\/2023\/01\/29\/\">\r\n\t\t\t\t\t29 sije\u010dnja, 2023\t\t\t\t<\/a>\r\n\t\t\t<\/span>\r\n\t\t\t\t\t\t\t<\/div>\r\n\t\t\t\r\n\r\n\t\t\t\t\t\t\t<div class=\"tpg-excerpt tpg-el-excerpt\">\r\n\t\t\t\t\t\t\t\t\t\t\t<div class=\"tpg-excerpt-inner\">\r\n\t\t\t\t\t\t\t...\t\t\t\t\t\t<\/div>\r\n\t\t\t\t\t\t\t\t\t\t\t\t\t\t<\/div>\r\n\t\t\t\r\n\t\t\t\t\t<\/div>\r\n\t<\/div>\r\n<\/div>\r\n<div class=\"rt-col-md-4 rt-col-sm-6 rt-col-xs-12 default rt-grid-item post-2326 post type-post status-publish format-standard has-post-thumbnail hentry category-humanitarni-rad\"\t\tdata-id=\"2326\">\r\n\t<div class=\"rt-holder tpg-post-holder\">\r\n\t\t<div class=\"rt-detail rt-el-content-wrapper\">\r\n\t\t\t\t\t\t\t<div class=\"rt-img-holder tpg-el-image-wrap has-thumbnail\">\r\n\t\t\t\t\t<a data-id=\"2326\" href=\"https:\/\/www.vrecari-viljevo.hr\/index.php\/2022\/12\/29\/4-nedjelja-adventa-u-viljevu\/\" class=\"tpg-post-link\" target=\"_self\">                        <img loading=\"lazy\" decoding=\"async\" src=\"https:\/\/www.vrecari-viljevo.hr\/wp-content\/uploads\/2023\/06\/4.-nedjelja-adventa-u-Viljevu-768x402.jpg\"\r\n                             class=\"rt-img-responsive\"\r\n                             width=\"768\"\r\n                             height=\"402\"\r\n                             alt=\"4. nedjelja adventa u Viljevu\">\r\n\t\t\t\t\t\t\r\n\t\t\t\t\t\t\t\r\n\t\t<\/a>\r\n\t\t        <div class=\"overlay grid-hover-content\"><\/div>\r\n\t\t\t\t\t\t<\/div>\r\n\t\t\t\r\n\t\t\t<div class=\"entry-title-wrapper\"><h3 class=\"entry-title\"><a data-id=\"2326\" href=\"https:\/\/www.vrecari-viljevo.hr\/index.php\/2022\/12\/29\/4-nedjelja-adventa-u-viljevu\/\" class=\"tpg-post-link\" target=\"_self\">4. nedjelja adventa u Viljevu<\/a><\/h3><\/div>\r\n\t\t\t\t\t\t\t<div class=\"post-meta-tags rt-el-post-meta\">\r\n\t\t\t\t\t            <span class='date'>\r\n\r\n\t\t\t\t<i class='flaticon-tpg-calendar '><\/i>\t\t\t\t<a href=\"https:\/\/www.vrecari-viljevo.hr\/index.php\/2022\/12\/29\/\">\r\n\t\t\t\t\t29 prosinca, 2022\t\t\t\t<\/a>\r\n\t\t\t<\/span>\r\n\t\t\t\t\t\t\t<\/div>\r\n\t\t\t\r\n\r\n\t\t\t\t\t\t\t<div class=\"tpg-excerpt tpg-el-excerpt\">\r\n\t\t\t\t\t\t\t\t\t\t\t<div class=\"tpg-excerpt-inner\">\r\n\t\t\t\t\t\t\tUdruga Vre\u0107ari sudjelovala je na 4. nedjelji adventa humanitarno.\u00a0 \u010clanovi su mje\u0161tane i posjetitelje darivali gu\u017evarom i kuhanim vinom.\u00a0...\t\t\t\t\t\t<\/div>\r\n\t\t\t\t\t\t\t\t\t\t\t\t\t\t<\/div>\r\n\t\t\t\r\n\t\t\t\t\t<\/div>\r\n\t<\/div>\r\n<\/div>\r\n<div class=\"rt-col-md-4 rt-col-sm-6 rt-col-xs-12 default rt-grid-item post-2681 post type-post status-publish format-standard has-post-thumbnail hentry category-humanitarni-rad\"\t\tdata-id=\"2681\">\r\n\t<div class=\"rt-holder tpg-post-holder\">\r\n\t\t<div class=\"rt-detail rt-el-content-wrapper\">\r\n\t\t\t\t\t\t\t<div class=\"rt-img-holder tpg-el-image-wrap has-thumbnail\">\r\n\t\t\t\t\t<a data-id=\"2681\" href=\"https:\/\/www.vrecari-viljevo.hr\/index.php\/2020\/01\/17\/1-kolinje\/\" class=\"tpg-post-link\" target=\"_self\">                        <img loading=\"lazy\" decoding=\"async\" src=\"https:\/\/www.vrecari-viljevo.hr\/wp-content\/uploads\/2023\/08\/naslovna-1000-2-768x249.jpg\"\r\n                             class=\"rt-img-responsive\"\r\n                             width=\"768\"\r\n                             height=\"249\"\r\n                             alt=\"1. kolinje\">\r\n\t\t\t\t\t\t\r\n\t\t\t\t\t\t\t\r\n\t\t<\/a>\r\n\t\t        <div class=\"overlay grid-hover-content\"><\/div>\r\n\t\t\t\t\t\t<\/div>\r\n\t\t\t\r\n\t\t\t<div class=\"entry-title-wrapper\"><h3 class=\"entry-title\"><a data-id=\"2681\" href=\"https:\/\/www.vrecari-viljevo.hr\/index.php\/2020\/01\/17\/1-kolinje\/\" class=\"tpg-post-link\" target=\"_self\">1. kolinje<\/a><\/h3><\/div>\r\n\t\t\t\t\t\t\t<div class=\"post-meta-tags rt-el-post-meta\">\r\n\t\t\t\t\t            <span class='date'>\r\n\r\n\t\t\t\t<i class='flaticon-tpg-calendar '><\/i>\t\t\t\t<a href=\"https:\/\/www.vrecari-viljevo.hr\/index.php\/2020\/01\/17\/\">\r\n\t\t\t\t\t17 sije\u010dnja, 2020\t\t\t\t<\/a>\r\n\t\t\t<\/span>\r\n\t\t\t\t\t\t\t<\/div>\r\n\t\t\t\r\n\r\n\t\t\t\t\t\t\t<div class=\"tpg-excerpt tpg-el-excerpt\">\r\n\t\t\t\t\t\t\t\t\t\t\t<div class=\"tpg-excerpt-inner\">\r\n\t\t\t\t\t\t\tPo\u010detkom 2020. godine organizirano je prvo humanitarno kolinje. Obra\u0111eno meso, raspore\u0111eno u pakete, donirano je stanovnicima u potrebi na podru\u010dju Op\u0107ine Viljevo. Spomenuti paketi dodatno su...\t\t\t\t\t\t<\/div>\r\n\t\t\t\t\t\t\t\t\t\t\t\t\t\t<\/div>\r\n\t\t\t\r\n\t\t\t\t\t<\/div>\r\n\t<\/div>\r\n<\/div>\r\n            <\/div>\r\n\t\t\t\r\n        <\/div>\r\n\t\t\t\t<\/div>\n\t\t\t\t<\/div>\n\t\t\t\t\t<\/div>\n\t\t\t\t<\/div>\n\t\t\t\t\t\t\t<\/div>\n\t\t","protected":false},"excerpt":{"rendered":"<p>Humanitarni rad O samog osnutka Udruge, humanitarni rad je bio jedna od planiranih aktivnosti. Dolaskom krize uzrokovane covidom, \u010dlanovi su se intenzivnije okrenuli humanitarnim aktivnostima, poma\u017eu\u0107i starijim osobama slabijeg imovinskog stanja. Tako je 2020. godine organizirano prvo humanitarno kolinje. Obra\u0111eno meso, raspore\u0111eno u pakete, donirano je stanovnicima u potrebi na podru\u010dju Op\u0107ine Viljevo. Spomenuti paketi &hellip;<\/p>\n<p class=\"read-more\"> <a class=\"\" href=\"https:\/\/www.vrecari-viljevo.hr\/index.php\/2020\/01\/17\/1-kolinje\/\"> <span class=\"screen-reader-text\">1. kolinje<\/span> Read More &raquo;<\/a><\/p>\n","protected":false},"author":1,"featured_media":0,"parent":0,"menu_order":0,"comment_status":"closed","ping_status":"closed","template":"","meta":{"_uag_custom_page_level_css":"","site-sidebar-layout":"no-sidebar","site-content-layout":"page-builder","ast-site-content-layout":"","site-content-style":"default","site-sidebar-style":"default","ast-global-header-display":"","ast-banner-title-visibility":"","ast-main-header-display":"","ast-hfb-above-header-display":"","ast-hfb-below-header-display":"","ast-hfb-mobile-header-display":"","site-post-title":"disabled","ast-breadcrumbs-content":"","ast-featured-img":"disabled","footer-sml-layout":"","theme-transparent-header-meta":"disabled","adv-header-id-meta":"","stick-header-meta":"","header-above-stick-meta":"","header-main-stick-meta":"","header-below-stick-meta":"","astra-migrate-meta-layouts":"","footnotes":""},"class_list":["post-2223","page","type-page","status-publish","hentry"],"yoast_head":"<!-- This site is optimized with the Yoast SEO plugin v20.13 - https:\/\/yoast.com\/wordpress\/plugins\/seo\/ -->\n<title>Humanitarni rad - Udruga kuhara tradicionalnih jela&quot; VRE\u0106ARI&quot; Viljevo<\/title>\n<meta name=\"robots\" content=\"index, follow, max-snippet:-1, max-image-preview:large, max-video-preview:-1\" \/>\n<link rel=\"canonical\" href=\"https:\/\/www.vrecari-viljevo.hr\/index.php\/humanitarni-rad\/\" \/>\n<meta property=\"og:locale\" content=\"hr_HR\" \/>\n<meta property=\"og:type\" content=\"article\" \/>\n<meta property=\"og:title\" content=\"Humanitarni rad - Udruga kuhara tradicionalnih jela&quot; VRE\u0106ARI&quot; Viljevo\" \/>\n<meta property=\"og:description\" content=\"Humanitarni rad O samog osnutka Udruge, humanitarni rad je bio jedna od planiranih aktivnosti. Dolaskom krize uzrokovane covidom, \u010dlanovi su se intenzivnije okrenuli humanitarnim aktivnostima, poma\u017eu\u0107i starijim osobama slabijeg imovinskog stanja. Tako je 2020. godine organizirano prvo humanitarno kolinje. Obra\u0111eno meso, raspore\u0111eno u pakete, donirano je stanovnicima u potrebi na podru\u010dju Op\u0107ine Viljevo. Spomenuti paketi &hellip; 1. kolinje Read More &raquo;\" \/>\n<meta property=\"og:url\" content=\"https:\/\/www.vrecari-viljevo.hr\/index.php\/humanitarni-rad\/\" \/>\n<meta property=\"og:site_name\" content=\"Udruga kuhara tradicionalnih jela&quot; VRE\u0106ARI&quot; Viljevo\" \/>\n<meta property=\"article:modified_time\" content=\"2023-08-16T11:55:06+00:00\" \/>\n<meta property=\"og:image\" content=\"https:\/\/www.vrecari-viljevo.hr\/wp-content\/uploads\/2023\/06\/4.-nedjelja-adventa-u-Viljevu-768x402.jpg\" \/>\n<meta name=\"twitter:card\" content=\"summary_large_image\" \/>\n<meta name=\"twitter:label1\" content=\"Procijenjeno vrijeme \u010ditanja\" \/>\n\t<meta name=\"twitter:data1\" content=\"1 minuta\" \/>\n<script type=\"application\/ld+json\" class=\"yoast-schema-graph\">{\"@context\":\"https:\/\/schema.org\",\"@graph\":[{\"@type\":\"WebPage\",\"@id\":\"https:\/\/www.vrecari-viljevo.hr\/index.php\/humanitarni-rad\/\",\"url\":\"https:\/\/www.vrecari-viljevo.hr\/index.php\/humanitarni-rad\/\",\"name\":\"Humanitarni rad - Udruga kuhara tradicionalnih jela\\\" VRE\u0106ARI\\\" Viljevo\",\"isPartOf\":{\"@id\":\"https:\/\/www.vrecari-viljevo.hr\/#website\"},\"datePublished\":\"2023-06-29T13:10:54+00:00\",\"dateModified\":\"2023-08-16T11:55:06+00:00\",\"breadcrumb\":{\"@id\":\"https:\/\/www.vrecari-viljevo.hr\/index.php\/humanitarni-rad\/#breadcrumb\"},\"inLanguage\":\"hr\",\"potentialAction\":[{\"@type\":\"ReadAction\",\"target\":[\"https:\/\/www.vrecari-viljevo.hr\/index.php\/humanitarni-rad\/\"]}]},{\"@type\":\"BreadcrumbList\",\"@id\":\"https:\/\/www.vrecari-viljevo.hr\/index.php\/humanitarni-rad\/#breadcrumb\",\"itemListElement\":[{\"@type\":\"ListItem\",\"position\":1,\"name\":\"Home\",\"item\":\"https:\/\/www.vrecari-viljevo.hr\/\"},{\"@type\":\"ListItem\",\"position\":2,\"name\":\"Humanitarni rad\"}]},{\"@type\":\"WebSite\",\"@id\":\"https:\/\/www.vrecari-viljevo.hr\/#website\",\"url\":\"https:\/\/www.vrecari-viljevo.hr\/\",\"name\":\"Udruga kuhara tradicionalnih jela\\\" VRE\u0106ARI\\\" Viljevo\",\"description\":\"Vre\u0107ari\",\"publisher\":{\"@id\":\"https:\/\/www.vrecari-viljevo.hr\/#organization\"},\"potentialAction\":[{\"@type\":\"SearchAction\",\"target\":{\"@type\":\"EntryPoint\",\"urlTemplate\":\"https:\/\/www.vrecari-viljevo.hr\/?s={search_term_string}\"},\"query-input\":\"required name=search_term_string\"}],\"inLanguage\":\"hr\"},{\"@type\":\"Organization\",\"@id\":\"https:\/\/www.vrecari-viljevo.hr\/#organization\",\"name\":\"Udruga kuhara tradicionalnih jela\\\" VRE\u0106ARI\\\" Viljevo\",\"url\":\"https:\/\/www.vrecari-viljevo.hr\/\",\"logo\":{\"@type\":\"ImageObject\",\"inLanguage\":\"hr\",\"@id\":\"https:\/\/www.vrecari-viljevo.hr\/#\/schema\/logo\/image\/\",\"url\":\"https:\/\/www.vrecari-viljevo.hr\/wp-content\/uploads\/2023\/06\/vrecari_logo_header.svg\",\"contentUrl\":\"https:\/\/www.vrecari-viljevo.hr\/wp-content\/uploads\/2023\/06\/vrecari_logo_header.svg\",\"caption\":\"Udruga kuhara tradicionalnih jela\\\" VRE\u0106ARI\\\" Viljevo\"},\"image\":{\"@id\":\"https:\/\/www.vrecari-viljevo.hr\/#\/schema\/logo\/image\/\"}}]}<\/script>\n<!-- \/ Yoast SEO plugin. -->","yoast_head_json":{"title":"Humanitarni rad - Udruga kuhara tradicionalnih jela\" VRE\u0106ARI\" Viljevo","robots":{"index":"index","follow":"follow","max-snippet":"max-snippet:-1","max-image-preview":"max-image-preview:large","max-video-preview":"max-video-preview:-1"},"canonical":"https:\/\/www.vrecari-viljevo.hr\/index.php\/humanitarni-rad\/","og_locale":"hr_HR","og_type":"article","og_title":"Humanitarni rad - Udruga kuhara tradicionalnih jela\" VRE\u0106ARI\" Viljevo","og_description":"Humanitarni rad O samog osnutka Udruge, humanitarni rad je bio jedna od planiranih aktivnosti. Dolaskom krize uzrokovane covidom, \u010dlanovi su se intenzivnije okrenuli humanitarnim aktivnostima, poma\u017eu\u0107i starijim osobama slabijeg imovinskog stanja. Tako je 2020. godine organizirano prvo humanitarno kolinje. Obra\u0111eno meso, raspore\u0111eno u pakete, donirano je stanovnicima u potrebi na podru\u010dju Op\u0107ine Viljevo. Spomenuti paketi &hellip; 1. kolinje Read More &raquo;","og_url":"https:\/\/www.vrecari-viljevo.hr\/index.php\/humanitarni-rad\/","og_site_name":"Udruga kuhara tradicionalnih jela\" VRE\u0106ARI\" Viljevo","article_modified_time":"2023-08-16T11:55:06+00:00","og_image":[{"url":"https:\/\/www.vrecari-viljevo.hr\/wp-content\/uploads\/2023\/06\/4.-nedjelja-adventa-u-Viljevu-768x402.jpg"}],"twitter_card":"summary_large_image","twitter_misc":{"Procijenjeno vrijeme \u010ditanja":"1 minuta"},"schema":{"@context":"https:\/\/schema.org","@graph":[{"@type":"WebPage","@id":"https:\/\/www.vrecari-viljevo.hr\/index.php\/humanitarni-rad\/","url":"https:\/\/www.vrecari-viljevo.hr\/index.php\/humanitarni-rad\/","name":"Humanitarni rad - Udruga kuhara tradicionalnih jela\" VRE\u0106ARI\" Viljevo","isPartOf":{"@id":"https:\/\/www.vrecari-viljevo.hr\/#website"},"datePublished":"2023-06-29T13:10:54+00:00","dateModified":"2023-08-16T11:55:06+00:00","breadcrumb":{"@id":"https:\/\/www.vrecari-viljevo.hr\/index.php\/humanitarni-rad\/#breadcrumb"},"inLanguage":"hr","potentialAction":[{"@type":"ReadAction","target":["https:\/\/www.vrecari-viljevo.hr\/index.php\/humanitarni-rad\/"]}]},{"@type":"BreadcrumbList","@id":"https:\/\/www.vrecari-viljevo.hr\/index.php\/humanitarni-rad\/#breadcrumb","itemListElement":[{"@type":"ListItem","position":1,"name":"Home","item":"https:\/\/www.vrecari-viljevo.hr\/"},{"@type":"ListItem","position":2,"name":"Humanitarni rad"}]},{"@type":"WebSite","@id":"https:\/\/www.vrecari-viljevo.hr\/#website","url":"https:\/\/www.vrecari-viljevo.hr\/","name":"Udruga kuhara tradicionalnih jela\" VRE\u0106ARI\" Viljevo","description":"Vre\u0107ari","publisher":{"@id":"https:\/\/www.vrecari-viljevo.hr\/#organization"},"potentialAction":[{"@type":"SearchAction","target":{"@type":"EntryPoint","urlTemplate":"https:\/\/www.vrecari-viljevo.hr\/?s={search_term_string}"},"query-input":"required name=search_term_string"}],"inLanguage":"hr"},{"@type":"Organization","@id":"https:\/\/www.vrecari-viljevo.hr\/#organization","name":"Udruga kuhara tradicionalnih jela\" VRE\u0106ARI\" Viljevo","url":"https:\/\/www.vrecari-viljevo.hr\/","logo":{"@type":"ImageObject","inLanguage":"hr","@id":"https:\/\/www.vrecari-viljevo.hr\/#\/schema\/logo\/image\/","url":"https:\/\/www.vrecari-viljevo.hr\/wp-content\/uploads\/2023\/06\/vrecari_logo_header.svg","contentUrl":"https:\/\/www.vrecari-viljevo.hr\/wp-content\/uploads\/2023\/06\/vrecari_logo_header.svg","caption":"Udruga kuhara tradicionalnih jela\" VRE\u0106ARI\" Viljevo"},"image":{"@id":"https:\/\/www.vrecari-viljevo.hr\/#\/schema\/logo\/image\/"}}]}},"uagb_featured_image_src":{"full":false,"thumbnail":false,"medium":false,"medium_large":false,"large":false,"1536x1536":false,"2048x2048":false},"uagb_author_info":{"display_name":"Igor","author_link":"https:\/\/www.vrecari-viljevo.hr\/index.php\/author\/lobotomislav\/"},"uagb_comment_info":0,"uagb_excerpt":"Humanitarni rad O samog osnutka Udruge, humanitarni rad je bio jedna od planiranih aktivnosti. Dolaskom krize uzrokovane covidom, \u010dlanovi su se intenzivnije okrenuli humanitarnim aktivnostima, poma\u017eu\u0107i starijim osobama slabijeg imovinskog stanja. Tako je 2020. godine organizirano prvo humanitarno kolinje. Obra\u0111eno meso, raspore\u0111eno u pakete, donirano je stanovnicima u potrebi na podru\u010dju Op\u0107ine Viljevo. Spomenuti paketi&hellip;","rttpg_featured_image_url":null,"rttpg_author":{"display_name":"Igor","author_link":"https:\/\/www.vrecari-viljevo.hr\/index.php\/author\/lobotomislav\/"},"rttpg_comment":0,"rttpg_category":"","rttpg_excerpt":"Humanitarni rad O samog osnutka Udruge, humanitarni rad je bio jedna od planiranih aktivnosti. Dolaskom krize uzrokovane covidom, \u010dlanovi su se intenzivnije okrenuli humanitarnim aktivnostima, poma\u017eu\u0107i starijim osobama slabijeg imovinskog stanja. Tako je 2020. godine organizirano prvo humanitarno kolinje. Obra\u0111eno meso, raspore\u0111eno u pakete, donirano je stanovnicima u potrebi na podru\u010dju Op\u0107ine Viljevo. Spomenuti paketi&hellip;","_links":{"self":[{"href":"https:\/\/www.vrecari-viljevo.hr\/index.php\/wp-json\/wp\/v2\/pages\/2223","targetHints":{"allow":["GET"]}}],"collection":[{"href":"https:\/\/www.vrecari-viljevo.hr\/index.php\/wp-json\/wp\/v2\/pages"}],"about":[{"href":"https:\/\/www.vrecari-viljevo.hr\/index.php\/wp-json\/wp\/v2\/types\/page"}],"author":[{"embeddable":true,"href":"https:\/\/www.vrecari-viljevo.hr\/index.php\/wp-json\/wp\/v2\/users\/1"}],"replies":[{"embeddable":true,"href":"https:\/\/www.vrecari-viljevo.hr\/index.php\/wp-json\/wp\/v2\/comments?post=2223"}],"version-history":[{"count":16,"href":"https:\/\/www.vrecari-viljevo.hr\/index.php\/wp-json\/wp\/v2\/pages\/2223\/revisions"}],"predecessor-version":[{"id":2449,"href":"https:\/\/www.vrecari-viljevo.hr\/index.php\/wp-json\/wp\/v2\/pages\/2223\/revisions\/2449"}],"wp:attachment":[{"href":"https:\/\/www.vrecari-viljevo.hr\/index.php\/wp-json\/wp\/v2\/media?parent=2223"}],"curies":[{"name":"wp","href":"https:\/\/api.w.org\/{rel}","templated":true}]}}