{"version":"1.0","provider_name":"Udruga kuhara tradicionalnih jela\" VRE\u0106ARI\" Viljevo","provider_url":"https:\/\/www.vrecari-viljevo.hr","author_name":"Igor","author_url":"https:\/\/www.vrecari-viljevo.hr\/index.php\/author\/lobotomislav\/","title":"Humanitarni rad - Udruga kuhara tradicionalnih jela\" VRE\u0106ARI\" Viljevo","type":"rich","width":600,"height":338,"html":"<blockquote class=\"wp-embedded-content\" data-secret=\"vF701iGsek\"><a href=\"https:\/\/www.vrecari-viljevo.hr\/index.php\/humanitarni-rad\/\">Humanitarni rad<\/a><\/blockquote><iframe sandbox=\"allow-scripts\" security=\"restricted\" src=\"https:\/\/www.vrecari-viljevo.hr\/index.php\/humanitarni-rad\/embed\/#?secret=vF701iGsek\" width=\"600\" height=\"338\" title=\"&#8220;Humanitarni rad&#8221; &#8212; Udruga kuhara tradicionalnih jela&quot; VRE\u0106ARI&quot; Viljevo\" data-secret=\"vF701iGsek\" frameborder=\"0\" marginwidth=\"0\" marginheight=\"0\" scrolling=\"no\" class=\"wp-embedded-content\"><\/iframe><script>\n\/*! This file is auto-generated *\/\n!function(d,l){\"use strict\";l.querySelector&&d.addEventListener&&\"undefined\"!=typeof URL&&(d.wp=d.wp||{},d.wp.receiveEmbedMessage||(d.wp.receiveEmbedMessage=function(e){var t=e.data;if((t||t.secret||t.message||t.value)&&!\/[^a-zA-Z0-9]\/.test(t.secret)){for(var s,r,n,a=l.querySelectorAll('iframe[data-secret=\"'+t.secret+'\"]'),o=l.querySelectorAll('blockquote[data-secret=\"'+t.secret+'\"]'),c=new RegExp(\"^https?:$\",\"i\"),i=0;i<o.length;i++)o[i].style.display=\"none\";for(i=0;i<a.length;i++)s=a[i],e.source===s.contentWindow&&(s.removeAttribute(\"style\"),\"height\"===t.message?(1e3<(r=parseInt(t.value,10))?r=1e3:~~r<200&&(r=200),s.height=r):\"link\"===t.message&&(r=new URL(s.getAttribute(\"src\")),n=new URL(t.value),c.test(n.protocol))&&n.host===r.host&&l.activeElement===s&&(d.top.location.href=t.value))}},d.addEventListener(\"message\",d.wp.receiveEmbedMessage,!1),l.addEventListener(\"DOMContentLoaded\",function(){for(var e,t,s=l.querySelectorAll(\"iframe.wp-embedded-content\"),r=0;r<s.length;r++)(t=(e=s[r]).getAttribute(\"data-secret\"))||(t=Math.random().toString(36).substring(2,12),e.src+=\"#?secret=\"+t,e.setAttribute(\"data-secret\",t)),e.contentWindow.postMessage({message:\"ready\",secret:t},\"*\")},!1)))}(window,document);\n\/\/# sourceURL=https:\/\/www.vrecari-viljevo.hr\/wp-includes\/js\/wp-embed.min.js\n<\/script>\n","description":"Humanitarni rad O samog osnutka Udruge, humanitarni rad je bio jedna od planiranih aktivnosti. Dolaskom krize uzrokovane covidom, \u010dlanovi su se intenzivnije okrenuli humanitarnim aktivnostima, poma\u017eu\u0107i starijim osobama slabijeg imovinskog stanja. Tako je 2020. godine organizirano prvo humanitarno kolinje. Obra\u0111eno meso, raspore\u0111eno u pakete, donirano je stanovnicima u potrebi na podru\u010dju Op\u0107ine Viljevo. Spomenuti paketi &hellip;  Read More &raquo;","thumbnail_url":"https:\/\/www.vrecari-viljevo.hr\/wp-content\/uploads\/2023\/06\/4.-nedjelja-adventa-u-Viljevu-768x402.jpg"}